{"id":128,"date":"2016-01-14T01:13:44","date_gmt":"2016-01-14T01:13:44","guid":{"rendered":"http:\/\/tacambaro.gob.mx\/?page_id=128"},"modified":"2025-09-25T21:30:03","modified_gmt":"2025-09-25T21:30:03","slug":"128-2","status":"publish","type":"page","link":"https:\/\/tacambaro.gob.mx\/?page_id=128","title":{"rendered":"Centro Municipal de Atenci\u00f3n a Migrantes"},"content":{"rendered":"\t\t<div data-elementor-type=\"wp-page\" data-elementor-id=\"128\" class=\"elementor elementor-128\">\n\t\t\t\t<div class=\"elementor-element elementor-element-53a396b3 e-flex e-con-boxed e-con e-parent\" data-id=\"53a396b3\" data-element_type=\"container\" data-e-type=\"container\" data-settings=\"{&quot;background_background&quot;:&quot;classic&quot;,&quot;shape_divider_bottom&quot;:&quot;mountains&quot;}\">\n\t\t\t\t\t<div class=\"e-con-inner\">\n\t\t\t\t<div class=\"elementor-shape elementor-shape-bottom\" aria-hidden=\"true\" data-negative=\"false\">\n\t\t\t<svg xmlns=\"http:\/\/www.w3.org\/2000\/svg\" viewBox=\"0 0 1000 100\" preserveAspectRatio=\"none\">\n\t<path class=\"elementor-shape-fill\" opacity=\"0.33\" d=\"M473,67.3c-203.9,88.3-263.1-34-320.3,0C66,119.1,0,59.7,0,59.7V0h1000v59.7 c0,0-62.1,26.1-94.9,29.3c-32.8,3.3-62.8-12.3-75.8-22.1C806,49.6,745.3,8.7,694.9,4.7S492.4,59,473,67.3z\"\/>\n\t<path class=\"elementor-shape-fill\" opacity=\"0.66\" d=\"M734,67.3c-45.5,0-77.2-23.2-129.1-39.1c-28.6-8.7-150.3-10.1-254,39.1 s-91.7-34.4-149.2,0C115.7,118.3,0,39.8,0,39.8V0h1000v36.5c0,0-28.2-18.5-92.1-18.5C810.2,18.1,775.7,67.3,734,67.3z\"\/>\n\t<path class=\"elementor-shape-fill\" d=\"M766.1,28.9c-200-57.5-266,65.5-395.1,19.5C242,1.8,242,5.4,184.8,20.6C128,35.8,132.3,44.9,89.9,52.5C28.6,63.7,0,0,0,0 h1000c0,0-9.9,40.9-83.6,48.1S829.6,47,766.1,28.9z\"\/>\n<\/svg>\t\t<\/div>\n\t\t\t\t<div class=\"elementor-element elementor-element-0d0cc79 elementor-widget elementor-widget-heading\" data-id=\"0d0cc79\" data-element_type=\"widget\" data-e-type=\"widget\" data-widget_type=\"heading.default\">\n\t\t\t\t<div class=\"elementor-widget-container\">\n\t\t\t\t\t<h2 class=\"elementor-heading-title elementor-size-default\"><a href=\"http:\/\/e\">Atenci\u00f3n al Migrante<\/a><\/h2>\t\t\t\t<\/div>\n\t\t\t\t<\/div>\n\t\t\t\t\t<\/div>\n\t\t\t\t<\/div>\n\t\t<div class=\"elementor-element elementor-element-07c890e e-flex e-con-boxed e-con e-parent\" data-id=\"07c890e\" data-element_type=\"container\" data-e-type=\"container\">\n\t\t\t\t\t<div class=\"e-con-inner\">\n\t\t\t\t<div class=\"elementor-element elementor-element-944a145 elementor-widget elementor-widget-image\" data-id=\"944a145\" data-element_type=\"widget\" data-e-type=\"widget\" data-widget_type=\"image.default\">\n\t\t\t\t<div class=\"elementor-widget-container\">\n\t\t\t\t\t\t\t\t\t\t\t\t\t\t\t<img fetchpriority=\"high\" decoding=\"async\" width=\"923\" height=\"642\" src=\"https:\/\/tacambaro.gob.mx\/wp-content\/uploads\/2025\/04\/WhatsApp-Image-2025-04-08-at-9.45.45-AM-1024x712.jpeg\" class=\"attachment-large size-large wp-image-17816\" alt=\"\" \/>\t\t\t\t\t\t\t\t\t\t\t\t\t\t\t<\/div>\n\t\t\t\t<\/div>\n\t\t\t\t<div class=\"elementor-element elementor-element-9fddb08 elementor-widget elementor-widget-text-editor\" data-id=\"9fddb08\" data-element_type=\"widget\" data-e-type=\"widget\" data-widget_type=\"text-editor.default\">\n\t\t\t\t<div class=\"elementor-widget-container\">\n\t\t\t\t\t\t\t\t\t<p>C. Jhasington Neri Madrigal Alanis <br><strong>Encargado de Atenci\u00f3n al Migrante<\/strong><\/p>\t\t\t\t\t\t\t\t<\/div>\n\t\t\t\t<\/div>\n\t\t\t\t<div class=\"elementor-element elementor-element-1c7da886 elementor-widget elementor-widget-text-editor\" data-id=\"1c7da886\" data-element_type=\"widget\" data-e-type=\"widget\" data-widget_type=\"text-editor.default\">\n\t\t\t\t<div class=\"elementor-widget-container\">\n\t\t\t\t\t\t\t\t\t<p>La Direcci\u00f3n de Desarrollo Social, a trav\u00e9s de su Departamento de Atenci\u00f3n al&nbsp;<span style=\"letter-spacing: 0px;\">Migrante, es el puente directo entre Tac\u00e1mbaro y su comunidad migrante. Su<\/span><span style=\"letter-spacing: 0px;\">titular coordina programas de apoyo a familias con integrantes en el extranjero,&nbsp;<\/span><span style=\"letter-spacing: 0px;\">orienta en tr\u00e1mites de repatriaci\u00f3n, remesas, pensiones y regularizaci\u00f3n de&nbsp;<\/span><span style=\"letter-spacing: 0px;\">documentos, adem\u00e1s de enlazar con dependencias estatales y federales para&nbsp;<\/span><span style=\"letter-spacing: 0px;\">servicios de salud, educaci\u00f3n y vivienda. Gestiona ferias de informaci\u00f3n,&nbsp;<\/span><span style=\"letter-spacing: 0px;\">promueve la identidad cultural y facilita la reinserci\u00f3n social y laboral de quienes&nbsp;<\/span><span style=\"letter-spacing: 0px;\">retornan. Tambi\u00e9n impulsa proyectos productivos y capacitaciones que&nbsp;<\/span><span style=\"letter-spacing: 0px;\">fortalezcan la econom\u00eda familiar, y mantiene un registro actualizado de casos para&nbsp;<\/span><span style=\"letter-spacing: 0px;\">responder con rapidez en emergencias. Con fundamento en el Reglamento&nbsp;<\/span><span style=\"letter-spacing: 0px;\">Interno de la Administraci\u00f3n Municipal, su misi\u00f3n es proteger los derechos de los&nbsp;<\/span><span style=\"letter-spacing: 0px;\">migrantes, brindar asesor\u00eda jur\u00eddica y garantizar que ning\u00fan tacambarense en el&nbsp;<\/span><span style=\"letter-spacing: 0px;\">exterior o en retorno quede sin acompa\u00f1amiento, fortaleciendo as\u00ed los lazos entre&nbsp;<\/span><span style=\"letter-spacing: 0px;\">el municipio y su gente.<\/span><\/p>\t\t\t\t\t\t\t\t<\/div>\n\t\t\t\t<\/div>\n\t\t\t\t\t<\/div>\n\t\t\t\t<\/div>\n\t\t\t\t<\/div>\n\t\t","protected":false},"excerpt":{"rendered":"<p>Atenci\u00f3n al Migrante C. Jhasington Neri Madrigal Alanis Encargado de Atenci\u00f3n al Migrante La Direcci\u00f3n de Desarrollo Social, a trav\u00e9s de su Departamento de Atenci\u00f3n al&nbsp;Migrante, es el puente directo entre Tac\u00e1mbaro y su comunidad migrante. Sutitular coordina programas de apoyo a familias con integrantes en el extranjero,&nbsp;orienta en tr\u00e1mites de repatriaci\u00f3n, remesas, pensiones y&hellip;<\/p>\n","protected":false},"author":1,"featured_media":0,"parent":0,"menu_order":0,"comment_status":"closed","ping_status":"closed","template":"","meta":{"om_disable_all_campaigns":false,"_monsterinsights_skip_tracking":false,"_monsterinsights_sitenote_active":false,"_monsterinsights_sitenote_note":"","_monsterinsights_sitenote_category":0,"footnotes":""},"class_list":["post-128","page","type-page","status-publish","hentry"],"aioseo_notices":[],"rttpg_featured_image_url":null,"rttpg_author":{"display_name":"H. AYUNTAMIENTO DE TACAMBARO","author_link":"https:\/\/tacambaro.gob.mx\/?author=1"},"rttpg_comment":0,"rttpg_category":null,"rttpg_excerpt":"Atenci\u00f3n al Migrante C. Jhasington Neri Madrigal Alanis Encargado de Atenci\u00f3n al Migrante La Direcci\u00f3n de Desarrollo Social, a trav\u00e9s de su Departamento de Atenci\u00f3n al&nbsp;Migrante, es el puente directo entre Tac\u00e1mbaro y su comunidad migrante. Sutitular coordina programas de apoyo a familias con integrantes en el extranjero,&nbsp;orienta en tr\u00e1mites de repatriaci\u00f3n, remesas, pensiones y&hellip;","_links":{"self":[{"href":"https:\/\/tacambaro.gob.mx\/index.php?rest_route=\/wp\/v2\/pages\/128","targetHints":{"allow":["GET"]}}],"collection":[{"href":"https:\/\/tacambaro.gob.mx\/index.php?rest_route=\/wp\/v2\/pages"}],"about":[{"href":"https:\/\/tacambaro.gob.mx\/index.php?rest_route=\/wp\/v2\/types\/page"}],"author":[{"embeddable":true,"href":"https:\/\/tacambaro.gob.mx\/index.php?rest_route=\/wp\/v2\/users\/1"}],"replies":[{"embeddable":true,"href":"https:\/\/tacambaro.gob.mx\/index.php?rest_route=%2Fwp%2Fv2%2Fcomments&post=128"}],"version-history":[{"count":26,"href":"https:\/\/tacambaro.gob.mx\/index.php?rest_route=\/wp\/v2\/pages\/128\/revisions"}],"predecessor-version":[{"id":19962,"href":"https:\/\/tacambaro.gob.mx\/index.php?rest_route=\/wp\/v2\/pages\/128\/revisions\/19962"}],"wp:attachment":[{"href":"https:\/\/tacambaro.gob.mx\/index.php?rest_route=%2Fwp%2Fv2%2Fmedia&parent=128"}],"curies":[{"name":"wp","href":"https:\/\/api.w.org\/{rel}","templated":true}]}}